{"id":9422,"date":"2026-02-18T16:02:56","date_gmt":"2026-02-18T15:02:56","guid":{"rendered":"https:\/\/koege.anvil.dk\/?post_type=tribe_events&#038;p=9422"},"modified":"2026-02-18T16:04:52","modified_gmt":"2026-02-18T15:04:52","slug":"koege-handel-fylder-164-aar","status":"publish","type":"tribe_events","link":"https:\/\/koege.anvil.dk\/?tribe_events=koege-handel-fylder-164-aar","title":{"rendered":"K\u00f8ge Handel 164 \u00e5r"},"content":{"rendered":"<p data-start=\"0\" data-end=\"28\">K\u00f8ge Handel har f\u00f8dselsdag denne dag!<\/p>\n<p data-start=\"30\" data-end=\"175\">I \u00e5r kan K\u00f8ge Handel fejre 164 \u00e5rs f\u00f8dselsdag \u2013 og det markerer vi som altid med k\u00e6rlighed til bylivet, f\u00e6llesskabet og den lokale handel i K\u00f8ge.<\/p>\n<p data-start=\"177\" data-end=\"280\" data-is-last-node=\"\" data-is-only-node=\"\">Tak til vores medlemmer, samarbejdspartnere og alle jer, der bruger byen og bakker op om det lokale.<\/p>\n","protected":false},"excerpt":{"rendered":"<p>K\u00f8ge Handel fejrer 164 \u00e5rs f\u00f8dselsdag i \u00e5r &#8211; tak til alle for at bakke op om det lokale.<\/p>\n","protected":false},"author":6,"featured_media":9428,"template":"","meta":{"_tribe_events_status":"","_tribe_events_status_reason":"","footnotes":""},"tags":[],"tribe_events_cat":[277],"class_list":["post-9422","tribe_events","type-tribe_events","status-publish","has-post-thumbnail","hentry","tribe_events_cat-oppyntning","cat_oppyntning"],"yoast_head":"<!-- This site is optimized with the Yoast SEO plugin v27.2 - https:\/\/yoast.com\/product\/yoast-seo-wordpress\/ -->\n<title>K\u00f8ge Handel 164 \u00e5r - K\u00f8ge Handel<\/title>\n<meta name=\"robots\" content=\"noindex, follow, max-snippet:-1, max-image-preview:large, max-video-preview:-1\" \/>\n<meta property=\"og:locale\" content=\"da_DK\" \/>\n<meta property=\"og:type\" content=\"article\" \/>\n<meta property=\"og:title\" content=\"K\u00f8ge Handel 164 \u00e5r - K\u00f8ge Handel\" \/>\n<meta property=\"og:description\" content=\"K\u00f8ge Handel fejrer 164 \u00e5rs f\u00f8dselsdag i \u00e5r - tak til alle for at bakke op om det lokale.\" \/>\n<meta property=\"og:url\" content=\"https:\/\/koege.anvil.dk\/event\/koege-handel-fylder-164-aar\/\" \/>\n<meta property=\"og:site_name\" content=\"K\u00f8ge Handel\" \/>\n<meta property=\"article:modified_time\" content=\"2026-02-18T15:04:52+00:00\" \/>\n<meta property=\"og:image\" content=\"http:\/\/koege.anvil.dk\/wp-content\/uploads\/2026\/02\/Koege-Handel-foedselsdag-1.webp\" \/>\n\t<meta property=\"og:image:width\" content=\"1200\" \/>\n\t<meta property=\"og:image:height\" content=\"600\" \/>\n\t<meta property=\"og:image:type\" content=\"image\/webp\" \/>\n<meta name=\"twitter:card\" content=\"summary_large_image\" \/>\n<meta name=\"twitter:label1\" content=\"Estimeret l\u00e6setid\" \/>\n\t<meta name=\"twitter:data1\" content=\"1 minut\" \/>\n<script type=\"application\/ld+json\" class=\"yoast-schema-graph\">{\"@context\":\"https:\/\/schema.org\",\"@graph\":[{\"@type\":\"WebPage\",\"@id\":\"https:\/\/koege.anvil.dk\/event\/koege-handel-fylder-164-aar\/\",\"url\":\"https:\/\/koege.anvil.dk\/event\/koege-handel-fylder-164-aar\/\",\"name\":\"K\u00f8ge Handel 164 \u00e5r - K\u00f8ge Handel\",\"isPartOf\":{\"@id\":\"https:\/\/koege.anvil.dk\/#website\"},\"primaryImageOfPage\":{\"@id\":\"https:\/\/koege.anvil.dk\/event\/koege-handel-fylder-164-aar\/#primaryimage\"},\"image\":{\"@id\":\"https:\/\/koege.anvil.dk\/event\/koege-handel-fylder-164-aar\/#primaryimage\"},\"thumbnailUrl\":\"https:\/\/koege.anvil.dk\/wp-content\/uploads\/2026\/02\/Koege-Handel-foedselsdag-1.webp\",\"datePublished\":\"2026-02-18T15:02:56+00:00\",\"dateModified\":\"2026-02-18T15:04:52+00:00\",\"breadcrumb\":{\"@id\":\"https:\/\/koege.anvil.dk\/event\/koege-handel-fylder-164-aar\/#breadcrumb\"},\"inLanguage\":\"da-DK\",\"potentialAction\":[{\"@type\":\"ReadAction\",\"target\":[\"https:\/\/koege.anvil.dk\/event\/koege-handel-fylder-164-aar\/\"]}]},{\"@type\":\"ImageObject\",\"inLanguage\":\"da-DK\",\"@id\":\"https:\/\/koege.anvil.dk\/event\/koege-handel-fylder-164-aar\/#primaryimage\",\"url\":\"https:\/\/koege.anvil.dk\/wp-content\/uploads\/2026\/02\/Koege-Handel-foedselsdag-1.webp\",\"contentUrl\":\"https:\/\/koege.anvil.dk\/wp-content\/uploads\/2026\/02\/Koege-Handel-foedselsdag-1.webp\",\"width\":1200,\"height\":600,\"caption\":\"K\u00f8ge Handel f\u00f8dselsdag\"},{\"@type\":\"BreadcrumbList\",\"@id\":\"https:\/\/koege.anvil.dk\/event\/koege-handel-fylder-164-aar\/#breadcrumb\",\"itemListElement\":[{\"@type\":\"ListItem\",\"position\":1,\"name\":\"Home\",\"item\":\"https:\/\/koege.anvil.dk\/\"},{\"@type\":\"ListItem\",\"position\":2,\"name\":\"Begivenheder\",\"item\":\"https:\/\/koege.anvil.dk\/events\/\"},{\"@type\":\"ListItem\",\"position\":3,\"name\":\"K\u00f8ge Handel 164 \u00e5r\"}]},{\"@type\":\"WebSite\",\"@id\":\"https:\/\/koege.anvil.dk\/#website\",\"url\":\"https:\/\/koege.anvil.dk\/\",\"name\":\"K\u00f8ge Handel\",\"description\":\"\",\"publisher\":{\"@id\":\"https:\/\/koege.anvil.dk\/#organization\"},\"potentialAction\":[{\"@type\":\"SearchAction\",\"target\":{\"@type\":\"EntryPoint\",\"urlTemplate\":\"https:\/\/koege.anvil.dk\/?s={search_term_string}\"},\"query-input\":{\"@type\":\"PropertyValueSpecification\",\"valueRequired\":true,\"valueName\":\"search_term_string\"}}],\"inLanguage\":\"da-DK\"},{\"@type\":\"Organization\",\"@id\":\"https:\/\/koege.anvil.dk\/#organization\",\"name\":\"K\u00f8ge Handel\",\"url\":\"https:\/\/koege.anvil.dk\/\",\"logo\":{\"@type\":\"ImageObject\",\"inLanguage\":\"da-DK\",\"@id\":\"https:\/\/koege.anvil.dk\/#\/schema\/logo\/image\/\",\"url\":\"http:\/\/koege.anvil.dk\/wp-content\/uploads\/2023\/10\/Koegehandel-logo.webp\",\"contentUrl\":\"http:\/\/koege.anvil.dk\/wp-content\/uploads\/2023\/10\/Koegehandel-logo.webp\",\"width\":600,\"height\":109,\"caption\":\"K\u00f8ge Handel\"},\"image\":{\"@id\":\"https:\/\/koege.anvil.dk\/#\/schema\/logo\/image\/\"}}]}<\/script>\n<!-- \/ Yoast SEO plugin. -->","yoast_head_json":{"title":"K\u00f8ge Handel 164 \u00e5r - K\u00f8ge Handel","robots":{"index":"noindex","follow":"follow","max-snippet":"max-snippet:-1","max-image-preview":"max-image-preview:large","max-video-preview":"max-video-preview:-1"},"og_locale":"da_DK","og_type":"article","og_title":"K\u00f8ge Handel 164 \u00e5r - K\u00f8ge Handel","og_description":"K\u00f8ge Handel fejrer 164 \u00e5rs f\u00f8dselsdag i \u00e5r - tak til alle for at bakke op om det lokale.","og_url":"https:\/\/koege.anvil.dk\/event\/koege-handel-fylder-164-aar\/","og_site_name":"K\u00f8ge Handel","article_modified_time":"2026-02-18T15:04:52+00:00","og_image":[{"width":1200,"height":600,"url":"http:\/\/koege.anvil.dk\/wp-content\/uploads\/2026\/02\/Koege-Handel-foedselsdag-1.webp","type":"image\/webp"}],"twitter_card":"summary_large_image","twitter_misc":{"Estimeret l\u00e6setid":"1 minut"},"schema":{"@context":"https:\/\/schema.org","@graph":[{"@type":"WebPage","@id":"https:\/\/koege.anvil.dk\/event\/koege-handel-fylder-164-aar\/","url":"https:\/\/koege.anvil.dk\/event\/koege-handel-fylder-164-aar\/","name":"K\u00f8ge Handel 164 \u00e5r - K\u00f8ge Handel","isPartOf":{"@id":"https:\/\/koege.anvil.dk\/#website"},"primaryImageOfPage":{"@id":"https:\/\/koege.anvil.dk\/event\/koege-handel-fylder-164-aar\/#primaryimage"},"image":{"@id":"https:\/\/koege.anvil.dk\/event\/koege-handel-fylder-164-aar\/#primaryimage"},"thumbnailUrl":"https:\/\/koege.anvil.dk\/wp-content\/uploads\/2026\/02\/Koege-Handel-foedselsdag-1.webp","datePublished":"2026-02-18T15:02:56+00:00","dateModified":"2026-02-18T15:04:52+00:00","breadcrumb":{"@id":"https:\/\/koege.anvil.dk\/event\/koege-handel-fylder-164-aar\/#breadcrumb"},"inLanguage":"da-DK","potentialAction":[{"@type":"ReadAction","target":["https:\/\/koege.anvil.dk\/event\/koege-handel-fylder-164-aar\/"]}]},{"@type":"ImageObject","inLanguage":"da-DK","@id":"https:\/\/koege.anvil.dk\/event\/koege-handel-fylder-164-aar\/#primaryimage","url":"https:\/\/koege.anvil.dk\/wp-content\/uploads\/2026\/02\/Koege-Handel-foedselsdag-1.webp","contentUrl":"https:\/\/koege.anvil.dk\/wp-content\/uploads\/2026\/02\/Koege-Handel-foedselsdag-1.webp","width":1200,"height":600,"caption":"K\u00f8ge Handel f\u00f8dselsdag"},{"@type":"BreadcrumbList","@id":"https:\/\/koege.anvil.dk\/event\/koege-handel-fylder-164-aar\/#breadcrumb","itemListElement":[{"@type":"ListItem","position":1,"name":"Home","item":"https:\/\/koege.anvil.dk\/"},{"@type":"ListItem","position":2,"name":"Begivenheder","item":"https:\/\/koege.anvil.dk\/events\/"},{"@type":"ListItem","position":3,"name":"K\u00f8ge Handel 164 \u00e5r"}]},{"@type":"WebSite","@id":"https:\/\/koege.anvil.dk\/#website","url":"https:\/\/koege.anvil.dk\/","name":"K\u00f8ge Handel","description":"","publisher":{"@id":"https:\/\/koege.anvil.dk\/#organization"},"potentialAction":[{"@type":"SearchAction","target":{"@type":"EntryPoint","urlTemplate":"https:\/\/koege.anvil.dk\/?s={search_term_string}"},"query-input":{"@type":"PropertyValueSpecification","valueRequired":true,"valueName":"search_term_string"}}],"inLanguage":"da-DK"},{"@type":"Organization","@id":"https:\/\/koege.anvil.dk\/#organization","name":"K\u00f8ge Handel","url":"https:\/\/koege.anvil.dk\/","logo":{"@type":"ImageObject","inLanguage":"da-DK","@id":"https:\/\/koege.anvil.dk\/#\/schema\/logo\/image\/","url":"http:\/\/koege.anvil.dk\/wp-content\/uploads\/2023\/10\/Koegehandel-logo.webp","contentUrl":"http:\/\/koege.anvil.dk\/wp-content\/uploads\/2023\/10\/Koegehandel-logo.webp","width":600,"height":109,"caption":"K\u00f8ge Handel"},"image":{"@id":"https:\/\/koege.anvil.dk\/#\/schema\/logo\/image\/"}}]}},"_links":{"self":[{"href":"https:\/\/koege.anvil.dk\/index.php?rest_route=\/wp\/v2\/tribe_events\/9422","targetHints":{"allow":["GET"]}}],"collection":[{"href":"https:\/\/koege.anvil.dk\/index.php?rest_route=\/wp\/v2\/tribe_events"}],"about":[{"href":"https:\/\/koege.anvil.dk\/index.php?rest_route=\/wp\/v2\/types\/tribe_events"}],"author":[{"embeddable":true,"href":"https:\/\/koege.anvil.dk\/index.php?rest_route=\/wp\/v2\/users\/6"}],"version-history":[{"count":0,"href":"https:\/\/koege.anvil.dk\/index.php?rest_route=\/wp\/v2\/tribe_events\/9422\/revisions"}],"wp:featuredmedia":[{"embeddable":true,"href":"https:\/\/koege.anvil.dk\/index.php?rest_route=\/wp\/v2\/media\/9428"}],"wp:attachment":[{"href":"https:\/\/koege.anvil.dk\/index.php?rest_route=%2Fwp%2Fv2%2Fmedia&parent=9422"}],"wp:term":[{"taxonomy":"post_tag","embeddable":true,"href":"https:\/\/koege.anvil.dk\/index.php?rest_route=%2Fwp%2Fv2%2Ftags&post=9422"},{"taxonomy":"tribe_events_cat","embeddable":true,"href":"https:\/\/koege.anvil.dk\/index.php?rest_route=%2Fwp%2Fv2%2Ftribe_events_cat&post=9422"}],"curies":[{"name":"wp","href":"https:\/\/api.w.org\/{rel}","templated":true}]}}