{"id":7275,"date":"2024-02-19T13:36:34","date_gmt":"2024-02-19T12:36:34","guid":{"rendered":"https:\/\/koege.anvil.dk\/?post_type=tribe_events&#038;p=7275"},"modified":"2026-02-25T12:51:08","modified_gmt":"2026-02-25T11:51:08","slug":"juletraestaending","status":"publish","type":"tribe_events","link":"https:\/\/koege.anvil.dk\/?tribe_events=juletraestaending","title":{"rendered":"Juletr\u00e6st\u00e6nding"},"content":{"rendered":"<p>V\u00e6r med n\u00e5r vi traditionen tro t\u00e6nder juletr\u00e6erne p\u00e5 K\u00f8ge Marina og K\u00f8ge Torv.<\/p>\n<p>Fredag den 20. november starter Julemanden sin rute ved K\u00f8ge Marina, hvor han kommer sejlende ind og vil t\u00e6nde juletr\u00e6et ved Arken. Herefter vil Julemanden ankomme til K\u00f8ge midtby ved en smuk julepyntet bilkortege fra K\u00f8ge Bilby og starter det store juleoptog rundt i byen.<\/p>\n<h5><strong>Programmet for dagen:<\/strong><\/h5>\n<p>Kl. 15.00: Julemanden ankommer i b\u00e5d til K\u00f8ge Marina<br \/>\nKl. 15.15: Julemanden t\u00e6nder juletr\u00e6et p\u00e5 Marinaen<br \/>\nKl. 15.30: Julemanden fragtes til K\u00f8ge midtby i en flot bilkortege med julepyntede biler fra K\u00f8ge Bilby<br \/>\nKl. 16.00: Julemanden k\u00f8rer rundt i handelsgaderne og julelysene t\u00e6ndes<br \/>\nKl. 17.00: Julemanden t\u00e6nder det store juletr\u00e6 p\u00e5 Torvet<\/p>\n<p>Det flotte optog starter for enden af N\u00f8rregade anf\u00f8rt af Julemanden og slutte af med K\u00f8ge Bilby i deres lysende biler.<\/p>\n<p>Alle lysene i K\u00f8ge, samt de store K\u00d8GE-bogstaver p\u00e5 Torvet t\u00e6ndes kl. 16.00.<\/p>\n<p>V\u00e6r p\u00e5 Torvet kl. 17.00, n\u00e5r julemanden t\u00e6ller ned fra 10, hvor juletr\u00e6et vil blive oplyst i al sin pragt, og julestemningen vil for alvor indfinde sig.<\/p>\n<p>Det vil v\u00e6re muligt at k\u00f8be l\u00e6kre varme churros fra Ankers Tivoli og s\u00e5 kan hele familien GRATIS k\u00f8re med det hyggelige Juletog Futte, som k\u00f8rer rundt i handelsgaderne kl. 14.00 &#8211; 18.00. Futtes holdeplads er placeret foran Imerco p\u00e5 Torvet.<br \/>\nPsst, det k\u00f8rer ikke kun til Juletr\u00e6st\u00e6ndingen, men fra denne dag og hver fredag frem til jul!<\/p>\n<p>Oplev de smukke julelys i K\u00f8ge blive t\u00e6ndt og f\u00e5 en hyggelig og flot eftermiddag med hele familien i K\u00f8ge og lad os sprede julegl\u00e6de.<\/p>\n","protected":false},"excerpt":{"rendered":"<p>Traditionen tro t\u00e6nder julemanden juletr\u00e6et p\u00e5 K\u00f8ge Marina og K\u00f8ge Torv.<\/p>\n","protected":false},"author":6,"featured_media":9304,"template":"","meta":{"_tribe_events_status":"","_tribe_events_status_reason":"","footnotes":""},"tags":[],"tribe_events_cat":[],"class_list":["post-7275","tribe_events","type-tribe_events","status-publish","has-post-thumbnail","hentry"],"yoast_head":"<!-- This site is optimized with the Yoast SEO plugin v27.2 - https:\/\/yoast.com\/product\/yoast-seo-wordpress\/ -->\n<title>Juletr\u00e6st\u00e6nding - K\u00f8ge Handel<\/title>\n<meta name=\"robots\" content=\"noindex, follow, max-snippet:-1, max-image-preview:large, max-video-preview:-1\" \/>\n<meta property=\"og:locale\" content=\"da_DK\" \/>\n<meta property=\"og:type\" content=\"article\" \/>\n<meta property=\"og:title\" content=\"Juletr\u00e6st\u00e6nding - K\u00f8ge Handel\" \/>\n<meta property=\"og:description\" content=\"Traditionen tro t\u00e6nder julemanden juletr\u00e6et p\u00e5 K\u00f8ge Marina og K\u00f8ge Torv.\" \/>\n<meta property=\"og:url\" content=\"https:\/\/koege.anvil.dk\/event\/juletraestaending\/\" \/>\n<meta property=\"og:site_name\" content=\"K\u00f8ge Handel\" \/>\n<meta property=\"article:modified_time\" content=\"2026-02-25T11:51:08+00:00\" \/>\n<meta property=\"og:image\" content=\"http:\/\/koege.anvil.dk\/wp-content\/uploads\/2024\/01\/Juletraestaending-1.webp\" \/>\n\t<meta property=\"og:image:width\" content=\"1200\" \/>\n\t<meta property=\"og:image:height\" content=\"600\" \/>\n\t<meta property=\"og:image:type\" content=\"image\/webp\" \/>\n<meta name=\"twitter:card\" content=\"summary_large_image\" \/>\n<meta name=\"twitter:label1\" content=\"Estimeret l\u00e6setid\" \/>\n\t<meta name=\"twitter:data1\" content=\"2 minutter\" \/>\n<script type=\"application\/ld+json\" class=\"yoast-schema-graph\">{\"@context\":\"https:\/\/schema.org\",\"@graph\":[{\"@type\":\"WebPage\",\"@id\":\"https:\/\/koege.anvil.dk\/event\/juletraestaending\/\",\"url\":\"https:\/\/koege.anvil.dk\/event\/juletraestaending\/\",\"name\":\"Juletr\u00e6st\u00e6nding - K\u00f8ge Handel\",\"isPartOf\":{\"@id\":\"https:\/\/koege.anvil.dk\/#website\"},\"primaryImageOfPage\":{\"@id\":\"https:\/\/koege.anvil.dk\/event\/juletraestaending\/#primaryimage\"},\"image\":{\"@id\":\"https:\/\/koege.anvil.dk\/event\/juletraestaending\/#primaryimage\"},\"thumbnailUrl\":\"https:\/\/koege.anvil.dk\/wp-content\/uploads\/2024\/01\/Juletraestaending-1.webp\",\"datePublished\":\"2024-02-19T12:36:34+00:00\",\"dateModified\":\"2026-02-25T11:51:08+00:00\",\"breadcrumb\":{\"@id\":\"https:\/\/koege.anvil.dk\/event\/juletraestaending\/#breadcrumb\"},\"inLanguage\":\"da-DK\",\"potentialAction\":[{\"@type\":\"ReadAction\",\"target\":[\"https:\/\/koege.anvil.dk\/event\/juletraestaending\/\"]}]},{\"@type\":\"ImageObject\",\"inLanguage\":\"da-DK\",\"@id\":\"https:\/\/koege.anvil.dk\/event\/juletraestaending\/#primaryimage\",\"url\":\"https:\/\/koege.anvil.dk\/wp-content\/uploads\/2024\/01\/Juletraestaending-1.webp\",\"contentUrl\":\"https:\/\/koege.anvil.dk\/wp-content\/uploads\/2024\/01\/Juletraestaending-1.webp\",\"width\":1200,\"height\":600,\"caption\":\"Juletr\u00e6st\u00e6nding i K\u00f8ge\"},{\"@type\":\"BreadcrumbList\",\"@id\":\"https:\/\/koege.anvil.dk\/event\/juletraestaending\/#breadcrumb\",\"itemListElement\":[{\"@type\":\"ListItem\",\"position\":1,\"name\":\"Home\",\"item\":\"https:\/\/koege.anvil.dk\/\"},{\"@type\":\"ListItem\",\"position\":2,\"name\":\"Begivenheder\",\"item\":\"https:\/\/koege.anvil.dk\/events\/\"},{\"@type\":\"ListItem\",\"position\":3,\"name\":\"Juletr\u00e6st\u00e6nding\"}]},{\"@type\":\"WebSite\",\"@id\":\"https:\/\/koege.anvil.dk\/#website\",\"url\":\"https:\/\/koege.anvil.dk\/\",\"name\":\"K\u00f8ge Handel\",\"description\":\"\",\"publisher\":{\"@id\":\"https:\/\/koege.anvil.dk\/#organization\"},\"potentialAction\":[{\"@type\":\"SearchAction\",\"target\":{\"@type\":\"EntryPoint\",\"urlTemplate\":\"https:\/\/koege.anvil.dk\/?s={search_term_string}\"},\"query-input\":{\"@type\":\"PropertyValueSpecification\",\"valueRequired\":true,\"valueName\":\"search_term_string\"}}],\"inLanguage\":\"da-DK\"},{\"@type\":\"Organization\",\"@id\":\"https:\/\/koege.anvil.dk\/#organization\",\"name\":\"K\u00f8ge Handel\",\"url\":\"https:\/\/koege.anvil.dk\/\",\"logo\":{\"@type\":\"ImageObject\",\"inLanguage\":\"da-DK\",\"@id\":\"https:\/\/koege.anvil.dk\/#\/schema\/logo\/image\/\",\"url\":\"http:\/\/koege.anvil.dk\/wp-content\/uploads\/2023\/10\/Koegehandel-logo.webp\",\"contentUrl\":\"http:\/\/koege.anvil.dk\/wp-content\/uploads\/2023\/10\/Koegehandel-logo.webp\",\"width\":600,\"height\":109,\"caption\":\"K\u00f8ge Handel\"},\"image\":{\"@id\":\"https:\/\/koege.anvil.dk\/#\/schema\/logo\/image\/\"}}]}<\/script>\n<!-- \/ Yoast SEO plugin. -->","yoast_head_json":{"title":"Juletr\u00e6st\u00e6nding - K\u00f8ge Handel","robots":{"index":"noindex","follow":"follow","max-snippet":"max-snippet:-1","max-image-preview":"max-image-preview:large","max-video-preview":"max-video-preview:-1"},"og_locale":"da_DK","og_type":"article","og_title":"Juletr\u00e6st\u00e6nding - K\u00f8ge Handel","og_description":"Traditionen tro t\u00e6nder julemanden juletr\u00e6et p\u00e5 K\u00f8ge Marina og K\u00f8ge Torv.","og_url":"https:\/\/koege.anvil.dk\/event\/juletraestaending\/","og_site_name":"K\u00f8ge Handel","article_modified_time":"2026-02-25T11:51:08+00:00","og_image":[{"width":1200,"height":600,"url":"http:\/\/koege.anvil.dk\/wp-content\/uploads\/2024\/01\/Juletraestaending-1.webp","type":"image\/webp"}],"twitter_card":"summary_large_image","twitter_misc":{"Estimeret l\u00e6setid":"2 minutter"},"schema":{"@context":"https:\/\/schema.org","@graph":[{"@type":"WebPage","@id":"https:\/\/koege.anvil.dk\/event\/juletraestaending\/","url":"https:\/\/koege.anvil.dk\/event\/juletraestaending\/","name":"Juletr\u00e6st\u00e6nding - K\u00f8ge Handel","isPartOf":{"@id":"https:\/\/koege.anvil.dk\/#website"},"primaryImageOfPage":{"@id":"https:\/\/koege.anvil.dk\/event\/juletraestaending\/#primaryimage"},"image":{"@id":"https:\/\/koege.anvil.dk\/event\/juletraestaending\/#primaryimage"},"thumbnailUrl":"https:\/\/koege.anvil.dk\/wp-content\/uploads\/2024\/01\/Juletraestaending-1.webp","datePublished":"2024-02-19T12:36:34+00:00","dateModified":"2026-02-25T11:51:08+00:00","breadcrumb":{"@id":"https:\/\/koege.anvil.dk\/event\/juletraestaending\/#breadcrumb"},"inLanguage":"da-DK","potentialAction":[{"@type":"ReadAction","target":["https:\/\/koege.anvil.dk\/event\/juletraestaending\/"]}]},{"@type":"ImageObject","inLanguage":"da-DK","@id":"https:\/\/koege.anvil.dk\/event\/juletraestaending\/#primaryimage","url":"https:\/\/koege.anvil.dk\/wp-content\/uploads\/2024\/01\/Juletraestaending-1.webp","contentUrl":"https:\/\/koege.anvil.dk\/wp-content\/uploads\/2024\/01\/Juletraestaending-1.webp","width":1200,"height":600,"caption":"Juletr\u00e6st\u00e6nding i K\u00f8ge"},{"@type":"BreadcrumbList","@id":"https:\/\/koege.anvil.dk\/event\/juletraestaending\/#breadcrumb","itemListElement":[{"@type":"ListItem","position":1,"name":"Home","item":"https:\/\/koege.anvil.dk\/"},{"@type":"ListItem","position":2,"name":"Begivenheder","item":"https:\/\/koege.anvil.dk\/events\/"},{"@type":"ListItem","position":3,"name":"Juletr\u00e6st\u00e6nding"}]},{"@type":"WebSite","@id":"https:\/\/koege.anvil.dk\/#website","url":"https:\/\/koege.anvil.dk\/","name":"K\u00f8ge Handel","description":"","publisher":{"@id":"https:\/\/koege.anvil.dk\/#organization"},"potentialAction":[{"@type":"SearchAction","target":{"@type":"EntryPoint","urlTemplate":"https:\/\/koege.anvil.dk\/?s={search_term_string}"},"query-input":{"@type":"PropertyValueSpecification","valueRequired":true,"valueName":"search_term_string"}}],"inLanguage":"da-DK"},{"@type":"Organization","@id":"https:\/\/koege.anvil.dk\/#organization","name":"K\u00f8ge Handel","url":"https:\/\/koege.anvil.dk\/","logo":{"@type":"ImageObject","inLanguage":"da-DK","@id":"https:\/\/koege.anvil.dk\/#\/schema\/logo\/image\/","url":"http:\/\/koege.anvil.dk\/wp-content\/uploads\/2023\/10\/Koegehandel-logo.webp","contentUrl":"http:\/\/koege.anvil.dk\/wp-content\/uploads\/2023\/10\/Koegehandel-logo.webp","width":600,"height":109,"caption":"K\u00f8ge Handel"},"image":{"@id":"https:\/\/koege.anvil.dk\/#\/schema\/logo\/image\/"}}]}},"_links":{"self":[{"href":"https:\/\/koege.anvil.dk\/index.php?rest_route=\/wp\/v2\/tribe_events\/7275","targetHints":{"allow":["GET"]}}],"collection":[{"href":"https:\/\/koege.anvil.dk\/index.php?rest_route=\/wp\/v2\/tribe_events"}],"about":[{"href":"https:\/\/koege.anvil.dk\/index.php?rest_route=\/wp\/v2\/types\/tribe_events"}],"author":[{"embeddable":true,"href":"https:\/\/koege.anvil.dk\/index.php?rest_route=\/wp\/v2\/users\/6"}],"version-history":[{"count":0,"href":"https:\/\/koege.anvil.dk\/index.php?rest_route=\/wp\/v2\/tribe_events\/7275\/revisions"}],"wp:featuredmedia":[{"embeddable":true,"href":"https:\/\/koege.anvil.dk\/index.php?rest_route=\/wp\/v2\/media\/9304"}],"wp:attachment":[{"href":"https:\/\/koege.anvil.dk\/index.php?rest_route=%2Fwp%2Fv2%2Fmedia&parent=7275"}],"wp:term":[{"taxonomy":"post_tag","embeddable":true,"href":"https:\/\/koege.anvil.dk\/index.php?rest_route=%2Fwp%2Fv2%2Ftags&post=7275"},{"taxonomy":"tribe_events_cat","embeddable":true,"href":"https:\/\/koege.anvil.dk\/index.php?rest_route=%2Fwp%2Fv2%2Ftribe_events_cat&post=7275"}],"curies":[{"name":"wp","href":"https:\/\/api.w.org\/{rel}","templated":true}]}}