{"id":7519,"date":"2024-09-17T12:26:16","date_gmt":"2024-09-17T10:26:16","guid":{"rendered":"https:\/\/koege.anvil.dk\/?page_id=7519"},"modified":"2026-01-02T11:45:29","modified_gmt":"2026-01-02T10:45:29","slug":"ledige-lejemaal","status":"publish","type":"page","link":"https:\/\/koege.anvil.dk\/?page_id=7519","title":{"rendered":"Ledige lejem\u00e5l"},"content":{"rendered":"<p><div class=\"fusion-fullwidth fullwidth-box fusion-builder-row-1 fusion-flex-container has-pattern-background has-mask-background fusion-parallax-none nonhundred-percent-fullwidth non-hundred-percent-height-scrolling\" style=\"--awb-background-position:right bottom;--awb-border-radius-top-left:0px;--awb-border-radius-top-right:0px;--awb-border-radius-bottom-right:0px;--awb-border-radius-bottom-left:0px;--awb-padding-top:90px;--awb-padding-bottom:0px;--awb-padding-top-medium:90px;--awb-padding-bottom-medium:0px;--awb-padding-top-small:60px;--awb-padding-bottom-small:0px;--awb-margin-bottom-small:0px;--awb-background-image:url(&quot;http:\/\/koege.anvil.dk\/wp-content\/uploads\/2023\/11\/bg-hjerte.png&quot;);--awb-background-size:cover;--awb-background-size-small:contain;--awb-flex-wrap:wrap;\" ><div class=\"fusion-builder-row fusion-row fusion-flex-align-items-center fusion-flex-content-wrap\" style=\"max-width:1248px;margin-left: calc(-4% \/ 2 );margin-right: calc(-4% \/ 2 );\"><div class=\"fusion-layout-column fusion_builder_column fusion-builder-column-0 fusion_builder_column_2_3 2_3 fusion-flex-column\" style=\"--awb-bg-size:cover;--awb-width-large:66.666666666667%;--awb-margin-top-large:0px;--awb-spacing-right-large:2.88%;--awb-margin-bottom-large:20px;--awb-spacing-left-large:2.88%;--awb-width-medium:66.666666666667%;--awb-order-medium:0;--awb-spacing-right-medium:2.88%;--awb-spacing-left-medium:2.88%;--awb-width-small:100%;--awb-order-small:0;--awb-spacing-right-small:1.92%;--awb-spacing-left-small:1.92%;\" data-scroll-devices=\"small-visibility,medium-visibility,large-visibility\"><div class=\"fusion-column-wrapper fusion-column-has-shadow fusion-flex-justify-content-center fusion-content-layout-column\"><div class=\"fusion-title title fusion-title-1 fusion-sep-none fusion-title-text fusion-title-size-two\" style=\"--awb-margin-top-small:10px;--awb-margin-right-small:0px;--awb-margin-bottom-small:10px;--awb-margin-left-small:0px;--awb-font-size:48px;\"><h2 class=\"fusion-title-heading title-heading-left sm-text-align-center fusion-responsive-typography-calculated\" style=\"font-family:var(--awb-typography1-font-family);font-weight:var(--awb-typography1-font-weight);font-style:var(--awb-typography1-font-style);margin:0;letter-spacing:var(--awb-typography1-letter-spacing);text-transform:var(--awb-typography1-text-transform);font-size:1em;--fontSize:48;line-height:var(--awb-typography1-line-height);\">Se de <span style=\"color: #008080;\"><strong>ledige erhvervslejem\u00e5l<\/strong><\/span> i K\u00f8ge<\/h2><\/div><div class=\"fusion-text fusion-text-1 sm-text-align-center\" style=\"--awb-content-alignment:left;\"><p>Herunder kan du f\u00e5 et overblik over ledige erhvervslejem\u00e5l i K\u00f8ges charmerende bymidte. Alle lejem\u00e5l er fra medlemmer af KEF &#8211; K\u00f8ge Ejendoms Forum &#8211; der repr\u00e6senterer ejendomsejere, som driver ejendom i K\u00f8ge by med sigte p\u00e5 udlejning af ejendomme til handelsvirksomheder og serviceerhverv i bykernen.<\/p>\n<\/div><\/div><\/div><\/div><\/div><div class=\"fusion-fullwidth fullwidth-box fusion-builder-row-2 fusion-flex-container has-pattern-background has-mask-background nonhundred-percent-fullwidth non-hundred-percent-height-scrolling\" style=\"--awb-border-radius-top-left:0px;--awb-border-radius-top-right:0px;--awb-border-radius-bottom-right:0px;--awb-border-radius-bottom-left:0px;--awb-flex-wrap:wrap;\" ><div class=\"fusion-builder-row fusion-row fusion-flex-align-items-flex-start fusion-flex-content-wrap\" style=\"max-width:1248px;margin-left: calc(-4% \/ 2 );margin-right: calc(-4% \/ 2 );\"><div class=\"fusion-layout-column fusion_builder_column fusion-builder-column-1 fusion_builder_column_1_3 1_3 fusion-flex-column\" style=\"--awb-bg-blend:overlay;--awb-bg-size:cover;--awb-width-large:33.333333333333%;--awb-margin-top-large:0px;--awb-spacing-right-large:5.76%;--awb-margin-bottom-large:20px;--awb-spacing-left-large:5.76%;--awb-width-medium:33.333333333333%;--awb-order-medium:0;--awb-spacing-right-medium:5.76%;--awb-spacing-left-medium:5.76%;--awb-width-small:100%;--awb-order-small:0;--awb-spacing-right-small:1.92%;--awb-spacing-left-small:1.92%;\" data-scroll-devices=\"small-visibility,medium-visibility,large-visibility\"><div class=\"fusion-column-wrapper fusion-column-has-shadow fusion-flex-justify-content-space-evenly fusion-content-layout-column\"><div class=\"fusion-image-element \" style=\"--awb-caption-title-font-family:var(--h2_typography-font-family);--awb-caption-title-font-weight:var(--h2_typography-font-weight);--awb-caption-title-font-style:var(--h2_typography-font-style);--awb-caption-title-size:var(--h2_typography-font-size);--awb-caption-title-transform:var(--h2_typography-text-transform);--awb-caption-title-line-height:var(--h2_typography-line-height);--awb-caption-title-letter-spacing:var(--h2_typography-letter-spacing);\"><span class=\" fusion-imageframe imageframe-none imageframe-1 hover-type-zoomin\" style=\"border-radius:16px;\"><img decoding=\"async\" width=\"1200\" height=\"600\" title=\"Torvet 19A, st. th. Ledige lejem\u00e5l facade\" src=\"http:\/\/koege.anvil.dk\/wp-content\/uploads\/2025\/09\/Torvet-19A-st.-th.-Ledige-lejemaal-facade.png\" alt class=\"img-responsive wp-image-9115\" srcset=\"https:\/\/koege.anvil.dk\/wp-content\/uploads\/2025\/09\/Torvet-19A-st.-th.-Ledige-lejemaal-facade-200x100.png 200w, https:\/\/koege.anvil.dk\/wp-content\/uploads\/2025\/09\/Torvet-19A-st.-th.-Ledige-lejemaal-facade-400x200.png 400w, https:\/\/koege.anvil.dk\/wp-content\/uploads\/2025\/09\/Torvet-19A-st.-th.-Ledige-lejemaal-facade-600x300.png 600w, https:\/\/koege.anvil.dk\/wp-content\/uploads\/2025\/09\/Torvet-19A-st.-th.-Ledige-lejemaal-facade-800x400.png 800w, https:\/\/koege.anvil.dk\/wp-content\/uploads\/2025\/09\/Torvet-19A-st.-th.-Ledige-lejemaal-facade.png 1200w\" sizes=\"(max-width: 640px) 100vw, 400px\" \/><\/span><\/div><div class=\"fusion-title title fusion-title-2 fusion-sep-none fusion-title-text fusion-title-size-three\" style=\"--awb-text-color:var(--awb-color5);--awb-margin-top:30px;--awb-margin-bottom:0px;--awb-margin-top-small:30px;--awb-margin-right-small:30px;--awb-margin-bottom-small:0px;--awb-margin-left-small:30px;--awb-font-size:22px;\"><h3 class=\"fusion-title-heading title-heading-left fusion-responsive-typography-calculated\" style=\"margin:0;text-transform:none;font-size:1em;--fontSize:22;--minFontSize:22;line-height:var(--awb-typography1-line-height);\"><a class=\"awb-custom-text-color awb-custom-text-hover-color\" target=\"_self\">Torvet 19A, st. th.<\/a><\/h3><\/div><ul style=\"--awb-size:14px;--awb-iconcolor:var(--awb-color4);--awb-textcolor:var(--awb-color4);--awb-line-height:23.8px;--awb-icon-width:23.8px;--awb-icon-height:23.8px;--awb-icon-margin:9.8px;--awb-content-margin:33.6px;\" class=\"fusion-checklist fusion-checklist-1 fusion-checklist-default type-icons\"><li class=\"fusion-li-item\" style=\"\"><span class=\"icon-wrapper circle-no\"><i class=\"fusion-li-icon fa-ruler-combined fas\" aria-hidden=\"true\"><\/i><\/span><div class=\"fusion-li-item-content\">\n<p>180 m2<\/p>\n<\/div><\/li><\/ul><div class=\"fusion-text fusion-text-2 fusion-text-no-margin\" style=\"--awb-margin-top:0px;--awb-margin-right:0px;--awb-margin-bottom:0px;--awb-margin-left:0px;\"><p>PHJ Ejendomme A\/S udlejer dette lejem\u00e5l ved Torvet.<\/p>\n<\/div><div style=\"text-align:center;\"><a class=\"fusion-button button-flat fusion-button-default-size button-custom fusion-button-default button-1 fusion-button-span-yes fusion-button-default-type\" style=\"--button_accent_color:var(--awb-color4);--button_border_color:var(--awb-color4);--button_accent_hover_color:var(--awb-color1);--button_border_hover_color:var(--awb-color4);--button_border_width-top:2px;--button_border_width-right:2px;--button_border_width-bottom:2px;--button_border_width-left:2px;--button_gradient_top_color:rgba(0,0,0,0);--button_gradient_bottom_color:rgba(0,0,0,0);--button_gradient_top_color_hover:var(--awb-color4);--button_gradient_bottom_color_hover:var(--awb-color4);--button_margin-top:30px;--button_margin-right:15px;--button_margin-bottom:15px;width:calc(100% - 15px);\" target=\"_blank\" rel=\"noopener noreferrer\" href=\"https:\/\/nordicals.dk\/ejendomme\/4600\/torvet\/n901155\/20825190\"><span class=\"fusion-button-text awb-button__text awb-button__text--default\">L\u00e6s mere her<\/span><i class=\"fa-arrow-right fas awb-button__icon awb-button__icon--default button-icon-right\" aria-hidden=\"true\"><\/i><\/a><\/div><\/div><\/div><div class=\"fusion-layout-column fusion_builder_column fusion-builder-column-2 fusion_builder_column_1_3 1_3 fusion-flex-column\" style=\"--awb-bg-blend:overlay;--awb-bg-size:cover;--awb-width-large:33.333333333333%;--awb-margin-top-large:0px;--awb-spacing-right-large:5.76%;--awb-margin-bottom-large:20px;--awb-spacing-left-large:5.76%;--awb-width-medium:33.333333333333%;--awb-order-medium:0;--awb-spacing-right-medium:5.76%;--awb-spacing-left-medium:5.76%;--awb-width-small:100%;--awb-order-small:0;--awb-spacing-right-small:1.92%;--awb-spacing-left-small:1.92%;\" data-scroll-devices=\"small-visibility,medium-visibility,large-visibility\"><div class=\"fusion-column-wrapper fusion-column-has-shadow fusion-flex-justify-content-space-evenly fusion-content-layout-column\"><div class=\"fusion-image-element \" style=\"--awb-caption-title-font-family:var(--h2_typography-font-family);--awb-caption-title-font-weight:var(--h2_typography-font-weight);--awb-caption-title-font-style:var(--h2_typography-font-style);--awb-caption-title-size:var(--h2_typography-font-size);--awb-caption-title-transform:var(--h2_typography-text-transform);--awb-caption-title-line-height:var(--h2_typography-line-height);--awb-caption-title-letter-spacing:var(--h2_typography-letter-spacing);\"><span class=\" fusion-imageframe imageframe-none imageframe-2 hover-type-zoomin\" style=\"border-radius:16px;\"><img decoding=\"async\" width=\"1200\" height=\"600\" title=\"R\u00e5dhusstr\u00e6de 1A Ledige lejem\u00e5l facade\" src=\"http:\/\/koege.anvil.dk\/wp-content\/uploads\/2025\/12\/Raadhusstraede-1A-Ledige-lejemaal-facade.webp\" alt class=\"img-responsive wp-image-9247\" srcset=\"https:\/\/koege.anvil.dk\/wp-content\/uploads\/2025\/12\/Raadhusstraede-1A-Ledige-lejemaal-facade-200x100.webp 200w, https:\/\/koege.anvil.dk\/wp-content\/uploads\/2025\/12\/Raadhusstraede-1A-Ledige-lejemaal-facade-400x200.webp 400w, https:\/\/koege.anvil.dk\/wp-content\/uploads\/2025\/12\/Raadhusstraede-1A-Ledige-lejemaal-facade-600x300.webp 600w, https:\/\/koege.anvil.dk\/wp-content\/uploads\/2025\/12\/Raadhusstraede-1A-Ledige-lejemaal-facade-800x400.webp 800w, https:\/\/koege.anvil.dk\/wp-content\/uploads\/2025\/12\/Raadhusstraede-1A-Ledige-lejemaal-facade.webp 1200w\" sizes=\"(max-width: 640px) 100vw, 400px\" \/><\/span><\/div><div class=\"fusion-title title fusion-title-3 fusion-sep-none fusion-title-text fusion-title-size-three\" style=\"--awb-text-color:var(--awb-color5);--awb-margin-top:30px;--awb-margin-bottom:0px;--awb-margin-top-small:30px;--awb-margin-right-small:30px;--awb-margin-bottom-small:0px;--awb-margin-left-small:30px;--awb-font-size:22px;\"><h3 class=\"fusion-title-heading title-heading-left fusion-responsive-typography-calculated\" style=\"margin:0;text-transform:none;font-size:1em;--fontSize:22;--minFontSize:22;line-height:var(--awb-typography1-line-height);\"><a class=\"awb-custom-text-color awb-custom-text-hover-color\" target=\"_self\">R\u00e5dhusstr\u00e6det 1A<\/a><\/h3><\/div><ul style=\"--awb-size:14px;--awb-iconcolor:var(--awb-color4);--awb-textcolor:var(--awb-color4);--awb-line-height:23.8px;--awb-icon-width:23.8px;--awb-icon-height:23.8px;--awb-icon-margin:9.8px;--awb-content-margin:33.6px;\" class=\"fusion-checklist fusion-checklist-2 fusion-checklist-default type-icons\"><li class=\"fusion-li-item\" style=\"\"><span class=\"icon-wrapper circle-no\"><i class=\"fusion-li-icon fa-ruler-combined fas\" aria-hidden=\"true\"><\/i><\/span><div class=\"fusion-li-item-content\">\n<p>247 m2<\/p>\n<\/div><\/li><\/ul><div class=\"fusion-text fusion-text-3 fusion-text-no-margin\" style=\"--awb-margin-top:0px;--awb-margin-right:0px;--awb-margin-bottom:0px;--awb-margin-left:0px;\"><p>Citycon Denmark ApS udlejer dette lejem\u00e5l i R\u00e5dhusstr\u00e6de.<\/p>\n<\/div><div style=\"text-align:center;\"><a class=\"fusion-button button-flat fusion-button-default-size button-custom fusion-button-default button-2 fusion-button-span-yes fusion-button-default-type\" style=\"--button_accent_color:var(--awb-color4);--button_border_color:var(--awb-color4);--button_accent_hover_color:var(--awb-color1);--button_border_hover_color:var(--awb-color4);--button_border_width-top:2px;--button_border_width-right:2px;--button_border_width-bottom:2px;--button_border_width-left:2px;--button_gradient_top_color:rgba(0,0,0,0);--button_gradient_bottom_color:rgba(0,0,0,0);--button_gradient_top_color_hover:var(--awb-color4);--button_gradient_bottom_color_hover:var(--awb-color4);--button_margin-top:30px;--button_margin-right:15px;--button_margin-bottom:15px;width:calc(100% - 15px);\" target=\"_blank\" rel=\"noopener noreferrer\" href=\"https:\/\/koege.anvil.dk\/medlemmer\/straedet-citycon\/\"><span class=\"fusion-button-text awb-button__text awb-button__text--default\">Kontakt udlejer<\/span><i class=\"fa-arrow-right fas awb-button__icon awb-button__icon--default button-icon-right\" aria-hidden=\"true\"><\/i><\/a><\/div><\/div><\/div><div class=\"fusion-layout-column fusion_builder_column fusion-builder-column-3 fusion_builder_column_1_3 1_3 fusion-flex-column\" style=\"--awb-bg-blend:overlay;--awb-bg-size:cover;--awb-width-large:33.333333333333%;--awb-margin-top-large:0px;--awb-spacing-right-large:5.76%;--awb-margin-bottom-large:20px;--awb-spacing-left-large:5.76%;--awb-width-medium:33.333333333333%;--awb-order-medium:0;--awb-spacing-right-medium:5.76%;--awb-spacing-left-medium:5.76%;--awb-width-small:100%;--awb-order-small:0;--awb-spacing-right-small:1.92%;--awb-spacing-left-small:1.92%;\" data-scroll-devices=\"small-visibility,medium-visibility,large-visibility\"><div class=\"fusion-column-wrapper fusion-column-has-shadow fusion-flex-justify-content-space-evenly fusion-content-layout-column\"><div class=\"fusion-image-element \" style=\"--awb-caption-title-font-family:var(--h2_typography-font-family);--awb-caption-title-font-weight:var(--h2_typography-font-weight);--awb-caption-title-font-style:var(--h2_typography-font-style);--awb-caption-title-size:var(--h2_typography-font-size);--awb-caption-title-transform:var(--h2_typography-text-transform);--awb-caption-title-line-height:var(--h2_typography-line-height);--awb-caption-title-letter-spacing:var(--h2_typography-letter-spacing);\"><span class=\" fusion-imageframe imageframe-none imageframe-3 hover-type-zoomin\" style=\"border-radius:16px;\"><img decoding=\"async\" width=\"1200\" height=\"600\" title=\"R\u00e5dhusstr\u00e6de 6B Ledige lejem\u00e5l facade\" src=\"http:\/\/koege.anvil.dk\/wp-content\/uploads\/2025\/12\/Raadhusstraede-6B-Ledige-lejemaal-facade.webp\" alt class=\"img-responsive wp-image-9248\" srcset=\"https:\/\/koege.anvil.dk\/wp-content\/uploads\/2025\/12\/Raadhusstraede-6B-Ledige-lejemaal-facade-200x100.webp 200w, https:\/\/koege.anvil.dk\/wp-content\/uploads\/2025\/12\/Raadhusstraede-6B-Ledige-lejemaal-facade-400x200.webp 400w, https:\/\/koege.anvil.dk\/wp-content\/uploads\/2025\/12\/Raadhusstraede-6B-Ledige-lejemaal-facade-600x300.webp 600w, https:\/\/koege.anvil.dk\/wp-content\/uploads\/2025\/12\/Raadhusstraede-6B-Ledige-lejemaal-facade-800x400.webp 800w, https:\/\/koege.anvil.dk\/wp-content\/uploads\/2025\/12\/Raadhusstraede-6B-Ledige-lejemaal-facade.webp 1200w\" sizes=\"(max-width: 640px) 100vw, 400px\" \/><\/span><\/div><div class=\"fusion-title title fusion-title-4 fusion-sep-none fusion-title-text fusion-title-size-three\" style=\"--awb-text-color:var(--awb-color5);--awb-margin-top:30px;--awb-margin-bottom:0px;--awb-margin-top-small:30px;--awb-margin-right-small:30px;--awb-margin-bottom-small:0px;--awb-margin-left-small:30px;--awb-font-size:22px;\"><h3 class=\"fusion-title-heading title-heading-left fusion-responsive-typography-calculated\" style=\"margin:0;text-transform:none;font-size:1em;--fontSize:22;--minFontSize:22;line-height:var(--awb-typography1-line-height);\"><a class=\"awb-custom-text-color awb-custom-text-hover-color\" target=\"_self\">R\u00e5dhusstr\u00e6det 6B<\/a><\/h3><\/div><ul style=\"--awb-size:14px;--awb-iconcolor:var(--awb-color4);--awb-textcolor:var(--awb-color4);--awb-line-height:23.8px;--awb-icon-width:23.8px;--awb-icon-height:23.8px;--awb-icon-margin:9.8px;--awb-content-margin:33.6px;\" class=\"fusion-checklist fusion-checklist-3 fusion-checklist-default type-icons\"><li class=\"fusion-li-item\" style=\"\"><span class=\"icon-wrapper circle-no\"><i class=\"fusion-li-icon fa-ruler-combined fas\" aria-hidden=\"true\"><\/i><\/span><div class=\"fusion-li-item-content\">\n<p>218 m2<\/p>\n<\/div><\/li><\/ul><div class=\"fusion-text fusion-text-4 fusion-text-no-margin\" style=\"--awb-margin-top:0px;--awb-margin-right:0px;--awb-margin-bottom:0px;--awb-margin-left:0px;\"><p>Citycon Denmark ApS udlejer dette lejem\u00e5l i R\u00e5dhusstr\u00e6de.<\/p>\n<\/div><div style=\"text-align:center;\"><a class=\"fusion-button button-flat fusion-button-default-size button-custom fusion-button-default button-3 fusion-button-span-yes fusion-button-default-type\" style=\"--button_accent_color:var(--awb-color4);--button_border_color:var(--awb-color4);--button_accent_hover_color:var(--awb-color1);--button_border_hover_color:var(--awb-color4);--button_border_width-top:2px;--button_border_width-right:2px;--button_border_width-bottom:2px;--button_border_width-left:2px;--button_gradient_top_color:rgba(0,0,0,0);--button_gradient_bottom_color:rgba(0,0,0,0);--button_gradient_top_color_hover:var(--awb-color4);--button_gradient_bottom_color_hover:var(--awb-color4);--button_margin-top:30px;--button_margin-right:15px;--button_margin-bottom:15px;width:calc(100% - 15px);\" target=\"_blank\" rel=\"noopener noreferrer\" href=\"https:\/\/koege.anvil.dk\/medlemmer\/straedet-citycon\/\"><span class=\"fusion-button-text awb-button__text awb-button__text--default\">Kontakt udlejer<\/span><i class=\"fa-arrow-right fas awb-button__icon awb-button__icon--default button-icon-right\" aria-hidden=\"true\"><\/i><\/a><\/div><\/div><\/div><div class=\"fusion-layout-column fusion_builder_column fusion-builder-column-4 fusion_builder_column_1_3 1_3 fusion-flex-column\" style=\"--awb-bg-blend:overlay;--awb-bg-size:cover;--awb-width-large:33.333333333333%;--awb-margin-top-large:0px;--awb-spacing-right-large:5.76%;--awb-margin-bottom-large:20px;--awb-spacing-left-large:5.76%;--awb-width-medium:33.333333333333%;--awb-order-medium:0;--awb-spacing-right-medium:5.76%;--awb-spacing-left-medium:5.76%;--awb-width-small:100%;--awb-order-small:0;--awb-spacing-right-small:1.92%;--awb-spacing-left-small:1.92%;\" data-scroll-devices=\"small-visibility,medium-visibility,large-visibility\"><div class=\"fusion-column-wrapper fusion-column-has-shadow fusion-flex-justify-content-space-evenly fusion-content-layout-column\"><div class=\"fusion-image-element \" style=\"--awb-caption-title-font-family:var(--h2_typography-font-family);--awb-caption-title-font-weight:var(--h2_typography-font-weight);--awb-caption-title-font-style:var(--h2_typography-font-style);--awb-caption-title-size:var(--h2_typography-font-size);--awb-caption-title-transform:var(--h2_typography-text-transform);--awb-caption-title-line-height:var(--h2_typography-line-height);--awb-caption-title-letter-spacing:var(--h2_typography-letter-spacing);\"><span class=\" fusion-imageframe imageframe-none imageframe-4 hover-type-zoomin\" style=\"border-radius:16px;\"><img decoding=\"async\" width=\"1200\" height=\"600\" title=\"R\u00e5dhusstr\u00e6de 6D Ledige lejem\u00e5l facade\" src=\"http:\/\/koege.anvil.dk\/wp-content\/uploads\/2025\/01\/Raadhusstraede-6D-Ledige-lejemaal-facade.png\" alt class=\"img-responsive wp-image-8250\" srcset=\"https:\/\/koege.anvil.dk\/wp-content\/uploads\/2025\/01\/Raadhusstraede-6D-Ledige-lejemaal-facade-200x100.png 200w, https:\/\/koege.anvil.dk\/wp-content\/uploads\/2025\/01\/Raadhusstraede-6D-Ledige-lejemaal-facade-400x200.png 400w, https:\/\/koege.anvil.dk\/wp-content\/uploads\/2025\/01\/Raadhusstraede-6D-Ledige-lejemaal-facade-600x300.png 600w, https:\/\/koege.anvil.dk\/wp-content\/uploads\/2025\/01\/Raadhusstraede-6D-Ledige-lejemaal-facade-800x400.png 800w, https:\/\/koege.anvil.dk\/wp-content\/uploads\/2025\/01\/Raadhusstraede-6D-Ledige-lejemaal-facade.png 1200w\" sizes=\"(max-width: 640px) 100vw, 400px\" \/><\/span><\/div><div class=\"fusion-title title fusion-title-5 fusion-sep-none fusion-title-text fusion-title-size-three\" style=\"--awb-text-color:var(--awb-color5);--awb-margin-top:30px;--awb-margin-bottom:0px;--awb-margin-top-small:30px;--awb-margin-right-small:30px;--awb-margin-bottom-small:0px;--awb-margin-left-small:30px;--awb-font-size:22px;\"><h3 class=\"fusion-title-heading title-heading-left fusion-responsive-typography-calculated\" style=\"margin:0;text-transform:none;font-size:1em;--fontSize:22;--minFontSize:22;line-height:var(--awb-typography1-line-height);\"><a class=\"awb-custom-text-color awb-custom-text-hover-color\" target=\"_self\">R\u00e5dhusstr\u00e6det 6D<\/a><\/h3><\/div><ul style=\"--awb-size:14px;--awb-iconcolor:var(--awb-color4);--awb-textcolor:var(--awb-color4);--awb-line-height:23.8px;--awb-icon-width:23.8px;--awb-icon-height:23.8px;--awb-icon-margin:9.8px;--awb-content-margin:33.6px;\" class=\"fusion-checklist fusion-checklist-4 fusion-checklist-default type-icons\"><li class=\"fusion-li-item\" style=\"\"><span class=\"icon-wrapper circle-no\"><i class=\"fusion-li-icon fa-ruler-combined fas\" aria-hidden=\"true\"><\/i><\/span><div class=\"fusion-li-item-content\">\n<p>156 m2<\/p>\n<\/div><\/li><\/ul><div class=\"fusion-text fusion-text-5 fusion-text-no-margin\" style=\"--awb-margin-top:0px;--awb-margin-right:0px;--awb-margin-bottom:0px;--awb-margin-left:0px;\"><p>Citycon Denmark ApS udlejer dette lejem\u00e5l i R\u00e5dhusstr\u00e6de.<\/p>\n<\/div><div style=\"text-align:center;\"><a class=\"fusion-button button-flat fusion-button-default-size button-custom fusion-button-default button-4 fusion-button-span-yes fusion-button-default-type\" style=\"--button_accent_color:var(--awb-color4);--button_border_color:var(--awb-color4);--button_accent_hover_color:var(--awb-color1);--button_border_hover_color:var(--awb-color4);--button_border_width-top:2px;--button_border_width-right:2px;--button_border_width-bottom:2px;--button_border_width-left:2px;--button_gradient_top_color:rgba(0,0,0,0);--button_gradient_bottom_color:rgba(0,0,0,0);--button_gradient_top_color_hover:var(--awb-color4);--button_gradient_bottom_color_hover:var(--awb-color4);--button_margin-top:30px;--button_margin-right:15px;--button_margin-bottom:15px;width:calc(100% - 15px);\" target=\"_blank\" rel=\"noopener noreferrer\" href=\"https:\/\/koege.anvil.dk\/medlemmer\/straedet-citycon\/\"><span class=\"fusion-button-text awb-button__text awb-button__text--default\">Kontakt udlejer<\/span><i class=\"fa-arrow-right fas awb-button__icon awb-button__icon--default button-icon-right\" aria-hidden=\"true\"><\/i><\/a><\/div><\/div><\/div><div class=\"fusion-layout-column fusion_builder_column fusion-builder-column-5 fusion_builder_column_1_3 1_3 fusion-flex-column\" style=\"--awb-bg-blend:overlay;--awb-bg-size:cover;--awb-width-large:33.333333333333%;--awb-margin-top-large:0px;--awb-spacing-right-large:5.76%;--awb-margin-bottom-large:20px;--awb-spacing-left-large:5.76%;--awb-width-medium:33.333333333333%;--awb-order-medium:0;--awb-spacing-right-medium:5.76%;--awb-spacing-left-medium:5.76%;--awb-width-small:100%;--awb-order-small:0;--awb-spacing-right-small:1.92%;--awb-spacing-left-small:1.92%;\" data-scroll-devices=\"small-visibility,medium-visibility,large-visibility\"><div class=\"fusion-column-wrapper fusion-column-has-shadow fusion-flex-justify-content-space-evenly fusion-content-layout-column\"><div class=\"fusion-image-element \" style=\"--awb-caption-title-font-family:var(--h2_typography-font-family);--awb-caption-title-font-weight:var(--h2_typography-font-weight);--awb-caption-title-font-style:var(--h2_typography-font-style);--awb-caption-title-size:var(--h2_typography-font-size);--awb-caption-title-transform:var(--h2_typography-text-transform);--awb-caption-title-line-height:var(--h2_typography-line-height);--awb-caption-title-letter-spacing:var(--h2_typography-letter-spacing);\"><span class=\" fusion-imageframe imageframe-none imageframe-5 hover-type-zoomin\" style=\"border-radius:16px;\"><img decoding=\"async\" width=\"1200\" height=\"600\" title=\"R\u00e5dhusstr\u00e6de 8A Ledige lejem\u00e5l facade\" src=\"http:\/\/koege.anvil.dk\/wp-content\/uploads\/2025\/01\/Raadhusstraede-8A-Ledige-lejemaal-facade.png\" alt class=\"img-responsive wp-image-8246\" srcset=\"https:\/\/koege.anvil.dk\/wp-content\/uploads\/2025\/01\/Raadhusstraede-8A-Ledige-lejemaal-facade-200x100.png 200w, https:\/\/koege.anvil.dk\/wp-content\/uploads\/2025\/01\/Raadhusstraede-8A-Ledige-lejemaal-facade-400x200.png 400w, https:\/\/koege.anvil.dk\/wp-content\/uploads\/2025\/01\/Raadhusstraede-8A-Ledige-lejemaal-facade-600x300.png 600w, https:\/\/koege.anvil.dk\/wp-content\/uploads\/2025\/01\/Raadhusstraede-8A-Ledige-lejemaal-facade-800x400.png 800w, https:\/\/koege.anvil.dk\/wp-content\/uploads\/2025\/01\/Raadhusstraede-8A-Ledige-lejemaal-facade.png 1200w\" sizes=\"(max-width: 640px) 100vw, 400px\" \/><\/span><\/div><div class=\"fusion-title title fusion-title-6 fusion-sep-none fusion-title-text fusion-title-size-three\" style=\"--awb-text-color:var(--awb-color5);--awb-margin-top:30px;--awb-margin-bottom:0px;--awb-margin-top-small:30px;--awb-margin-right-small:30px;--awb-margin-bottom-small:0px;--awb-margin-left-small:30px;--awb-font-size:22px;\"><h3 class=\"fusion-title-heading title-heading-left fusion-responsive-typography-calculated\" style=\"margin:0;text-transform:none;font-size:1em;--fontSize:22;--minFontSize:22;line-height:var(--awb-typography1-line-height);\"><a class=\"awb-custom-text-color awb-custom-text-hover-color\" target=\"_self\">R\u00e5dhusstr\u00e6det 8A<\/a><\/h3><\/div><ul style=\"--awb-size:14px;--awb-iconcolor:var(--awb-color4);--awb-textcolor:var(--awb-color4);--awb-line-height:23.8px;--awb-icon-width:23.8px;--awb-icon-height:23.8px;--awb-icon-margin:9.8px;--awb-content-margin:33.6px;\" class=\"fusion-checklist fusion-checklist-5 fusion-checklist-default type-icons\"><li class=\"fusion-li-item\" style=\"\"><span class=\"icon-wrapper circle-no\"><i class=\"fusion-li-icon fa-ruler-combined fas\" aria-hidden=\"true\"><\/i><\/span><div class=\"fusion-li-item-content\">\n<p>306 m2<\/p>\n<\/div><\/li><\/ul><div class=\"fusion-text fusion-text-6 fusion-text-no-margin\" style=\"--awb-margin-top:0px;--awb-margin-right:0px;--awb-margin-bottom:0px;--awb-margin-left:0px;\"><p>Citycon Denmark ApS udlejer dette lejem\u00e5l i R\u00e5dhusstr\u00e6de.<\/p>\n<\/div><div style=\"text-align:center;\"><a class=\"fusion-button button-flat fusion-button-default-size button-custom fusion-button-default button-5 fusion-button-span-yes fusion-button-default-type\" style=\"--button_accent_color:var(--awb-color4);--button_border_color:var(--awb-color4);--button_accent_hover_color:var(--awb-color1);--button_border_hover_color:var(--awb-color4);--button_border_width-top:2px;--button_border_width-right:2px;--button_border_width-bottom:2px;--button_border_width-left:2px;--button_gradient_top_color:rgba(0,0,0,0);--button_gradient_bottom_color:rgba(0,0,0,0);--button_gradient_top_color_hover:var(--awb-color4);--button_gradient_bottom_color_hover:var(--awb-color4);--button_margin-top:30px;--button_margin-right:15px;--button_margin-bottom:15px;width:calc(100% - 15px);\" target=\"_blank\" rel=\"noopener noreferrer\" href=\"https:\/\/koege.anvil.dk\/medlemmer\/straedet-citycon\/\"><span class=\"fusion-button-text awb-button__text awb-button__text--default\">Kontakt udlejer<\/span><i class=\"fa-arrow-right fas awb-button__icon awb-button__icon--default button-icon-right\" aria-hidden=\"true\"><\/i><\/a><\/div><\/div><\/div><\/div><\/div><div class=\"fusion-fullwidth fullwidth-box fusion-builder-row-3 fusion-flex-container has-pattern-background has-mask-background fusion-parallax-none nonhundred-percent-fullwidth non-hundred-percent-height-scrolling\" style=\"--awb-background-position:center bottom;--awb-border-radius-top-left:0px;--awb-border-radius-top-right:0px;--awb-border-radius-bottom-right:0px;--awb-border-radius-bottom-left:0px;--awb-padding-top:60px;--awb-padding-right:30px;--awb-padding-bottom:60px;--awb-padding-left:30px;--awb-margin-top:0px;--awb-margin-top-medium:0px;--awb-margin-top-small:0px;--awb-background-image:linear-gradient(180deg, rgba(53,53,53,0.17) 40%,rgba(53,53,53,0.64) 100%),url(http:\/\/koege.anvil.dk\/wp-content\/uploads\/2023\/10\/aabningstider-scaled.webp);;--awb-background-size:cover;--awb-flex-wrap:wrap;\" ><div class=\"fusion-builder-row fusion-row fusion-flex-align-items-flex-start fusion-flex-content-wrap\" style=\"max-width:1248px;margin-left: calc(-4% \/ 2 );margin-right: calc(-4% \/ 2 );\"><div class=\"fusion-layout-column fusion_builder_column fusion-builder-column-6 fusion_builder_column_1_1 1_1 fusion-flex-column\" style=\"--awb-bg-size:cover;--awb-width-large:100%;--awb-margin-top-large:0px;--awb-spacing-right-large:1.92%;--awb-margin-bottom-large:20px;--awb-spacing-left-large:1.92%;--awb-width-medium:100%;--awb-order-medium:0;--awb-spacing-right-medium:1.92%;--awb-spacing-left-medium:1.92%;--awb-width-small:100%;--awb-order-small:0;--awb-spacing-right-small:1.92%;--awb-spacing-left-small:1.92%;\"><div class=\"fusion-column-wrapper fusion-column-has-shadow fusion-flex-justify-content-flex-start fusion-content-layout-column\"><div class=\"fusion-text fusion-text-7 fusion-text-no-margin\" style=\"--awb-font-size:24px;--awb-line-height:var(--awb-typography1-line-height);--awb-letter-spacing:var(--awb-typography1-letter-spacing);--awb-text-transform:none;--awb-text-color:var(--awb-color6);--awb-margin-top:120px;--awb-margin-bottom:-10px;--awb-text-font-family:var(--awb-typography1-font-family);--awb-text-font-weight:var(--awb-typography1-font-weight);--awb-text-font-style:var(--awb-typography1-font-style);\"><mark class=\"fusion-highlight custom-textcolor highlight1 awb-highlight-background\" style=\"--awb-color:var(--awb-color5);--awb-text-color:var(--awb-color1);\">Parkering<\/mark>\n<\/div><div class=\"fusion-title title fusion-title-7 fusion-sep-none fusion-title-text fusion-title-size-two\" style=\"--awb-text-color:var(--awb-color1);--awb-margin-top-small:10px;--awb-margin-right-small:0px;--awb-margin-bottom-small:10px;--awb-margin-left-small:0px;\"><h2 class=\"fusion-title-heading title-heading-left fusion-responsive-typography-calculated\" style=\"margin:0;text-transform:none;--fontSize:48;line-height:var(--awb-typography1-line-height);text-shadow:15px var(--awb-color7);\">Her finder du mere om parkering<\/h2><\/div><div ><a class=\"fusion-button button-flat fusion-button-default-size button-default fusion-button-default button-6 fusion-button-default-span fusion-button-default-type\" target=\"_self\" href=\"https:\/\/koege.anvil.dk\/parkering\/\"><span class=\"fusion-button-text awb-button__text awb-button__text--default\">L\u00e6s mere<\/span><\/a><\/div><\/div><\/div><\/div><\/div><\/p>\n","protected":false},"excerpt":{"rendered":"","protected":false},"author":6,"featured_media":7090,"parent":0,"menu_order":0,"comment_status":"closed","ping_status":"closed","template":"100-width.php","meta":{"footnotes":""},"class_list":["post-7519","page","type-page","status-publish","has-post-thumbnail","hentry"],"yoast_head":"<!-- This site is optimized with the Yoast SEO plugin v27.2 - https:\/\/yoast.com\/product\/yoast-seo-wordpress\/ -->\n<title>Ledige lejem\u00e5l - K\u00f8ge Handel<\/title>\n<meta name=\"robots\" content=\"noindex, follow, max-snippet:-1, max-image-preview:large, max-video-preview:-1\" \/>\n<meta property=\"og:locale\" content=\"da_DK\" \/>\n<meta property=\"og:type\" content=\"article\" \/>\n<meta property=\"og:title\" content=\"Ledige lejem\u00e5l - K\u00f8ge Handel\" \/>\n<meta property=\"og:url\" content=\"https:\/\/koege.anvil.dk\/ledige-lejemaal\/\" \/>\n<meta property=\"og:site_name\" content=\"K\u00f8ge Handel\" \/>\n<meta property=\"article:modified_time\" content=\"2026-01-02T10:45:29+00:00\" \/>\n<meta property=\"og:image\" content=\"http:\/\/koege.anvil.dk\/wp-content\/uploads\/2023\/12\/DJI_0929-scaled-e1730382146607.jpg\" \/>\n\t<meta property=\"og:image:width\" content=\"2560\" \/>\n\t<meta property=\"og:image:height\" content=\"1634\" \/>\n\t<meta property=\"og:image:type\" content=\"image\/jpeg\" \/>\n<meta name=\"twitter:card\" content=\"summary_large_image\" \/>\n<meta name=\"twitter:label1\" content=\"Estimeret l\u00e6setid\" \/>\n\t<meta name=\"twitter:data1\" content=\"2 minutter\" \/>\n<script type=\"application\/ld+json\" class=\"yoast-schema-graph\">{\"@context\":\"https:\/\/schema.org\",\"@graph\":[{\"@type\":\"WebPage\",\"@id\":\"https:\/\/koege.anvil.dk\/ledige-lejemaal\/\",\"url\":\"https:\/\/koege.anvil.dk\/ledige-lejemaal\/\",\"name\":\"Ledige lejem\u00e5l - K\u00f8ge Handel\",\"isPartOf\":{\"@id\":\"https:\/\/koege.anvil.dk\/#website\"},\"primaryImageOfPage\":{\"@id\":\"https:\/\/koege.anvil.dk\/ledige-lejemaal\/#primaryimage\"},\"image\":{\"@id\":\"https:\/\/koege.anvil.dk\/ledige-lejemaal\/#primaryimage\"},\"thumbnailUrl\":\"https:\/\/koege.anvil.dk\/wp-content\/uploads\/2023\/12\/DJI_0929-scaled-e1730382146607.jpg\",\"datePublished\":\"2024-09-17T10:26:16+00:00\",\"dateModified\":\"2026-01-02T10:45:29+00:00\",\"breadcrumb\":{\"@id\":\"https:\/\/koege.anvil.dk\/ledige-lejemaal\/#breadcrumb\"},\"inLanguage\":\"da-DK\",\"potentialAction\":[{\"@type\":\"ReadAction\",\"target\":[\"https:\/\/koege.anvil.dk\/ledige-lejemaal\/\"]}]},{\"@type\":\"ImageObject\",\"inLanguage\":\"da-DK\",\"@id\":\"https:\/\/koege.anvil.dk\/ledige-lejemaal\/#primaryimage\",\"url\":\"https:\/\/koege.anvil.dk\/wp-content\/uploads\/2023\/12\/DJI_0929-scaled-e1730382146607.jpg\",\"contentUrl\":\"https:\/\/koege.anvil.dk\/wp-content\/uploads\/2023\/12\/DJI_0929-scaled-e1730382146607.jpg\",\"width\":2560,\"height\":1634},{\"@type\":\"BreadcrumbList\",\"@id\":\"https:\/\/koege.anvil.dk\/ledige-lejemaal\/#breadcrumb\",\"itemListElement\":[{\"@type\":\"ListItem\",\"position\":1,\"name\":\"Home\",\"item\":\"https:\/\/koege.anvil.dk\/\"},{\"@type\":\"ListItem\",\"position\":2,\"name\":\"Ledige lejem\u00e5l\"}]},{\"@type\":\"WebSite\",\"@id\":\"https:\/\/koege.anvil.dk\/#website\",\"url\":\"https:\/\/koege.anvil.dk\/\",\"name\":\"K\u00f8ge Handel\",\"description\":\"\",\"publisher\":{\"@id\":\"https:\/\/koege.anvil.dk\/#organization\"},\"potentialAction\":[{\"@type\":\"SearchAction\",\"target\":{\"@type\":\"EntryPoint\",\"urlTemplate\":\"https:\/\/koege.anvil.dk\/?s={search_term_string}\"},\"query-input\":{\"@type\":\"PropertyValueSpecification\",\"valueRequired\":true,\"valueName\":\"search_term_string\"}}],\"inLanguage\":\"da-DK\"},{\"@type\":\"Organization\",\"@id\":\"https:\/\/koege.anvil.dk\/#organization\",\"name\":\"K\u00f8ge Handel\",\"url\":\"https:\/\/koege.anvil.dk\/\",\"logo\":{\"@type\":\"ImageObject\",\"inLanguage\":\"da-DK\",\"@id\":\"https:\/\/koege.anvil.dk\/#\/schema\/logo\/image\/\",\"url\":\"http:\/\/koege.anvil.dk\/wp-content\/uploads\/2023\/10\/Koegehandel-logo.webp\",\"contentUrl\":\"http:\/\/koege.anvil.dk\/wp-content\/uploads\/2023\/10\/Koegehandel-logo.webp\",\"width\":600,\"height\":109,\"caption\":\"K\u00f8ge Handel\"},\"image\":{\"@id\":\"https:\/\/koege.anvil.dk\/#\/schema\/logo\/image\/\"}}]}<\/script>\n<!-- \/ Yoast SEO plugin. -->","yoast_head_json":{"title":"Ledige lejem\u00e5l - K\u00f8ge Handel","robots":{"index":"noindex","follow":"follow","max-snippet":"max-snippet:-1","max-image-preview":"max-image-preview:large","max-video-preview":"max-video-preview:-1"},"og_locale":"da_DK","og_type":"article","og_title":"Ledige lejem\u00e5l - K\u00f8ge Handel","og_url":"https:\/\/koege.anvil.dk\/ledige-lejemaal\/","og_site_name":"K\u00f8ge Handel","article_modified_time":"2026-01-02T10:45:29+00:00","og_image":[{"width":2560,"height":1634,"url":"http:\/\/koege.anvil.dk\/wp-content\/uploads\/2023\/12\/DJI_0929-scaled-e1730382146607.jpg","type":"image\/jpeg"}],"twitter_card":"summary_large_image","twitter_misc":{"Estimeret l\u00e6setid":"2 minutter"},"schema":{"@context":"https:\/\/schema.org","@graph":[{"@type":"WebPage","@id":"https:\/\/koege.anvil.dk\/ledige-lejemaal\/","url":"https:\/\/koege.anvil.dk\/ledige-lejemaal\/","name":"Ledige lejem\u00e5l - K\u00f8ge Handel","isPartOf":{"@id":"https:\/\/koege.anvil.dk\/#website"},"primaryImageOfPage":{"@id":"https:\/\/koege.anvil.dk\/ledige-lejemaal\/#primaryimage"},"image":{"@id":"https:\/\/koege.anvil.dk\/ledige-lejemaal\/#primaryimage"},"thumbnailUrl":"https:\/\/koege.anvil.dk\/wp-content\/uploads\/2023\/12\/DJI_0929-scaled-e1730382146607.jpg","datePublished":"2024-09-17T10:26:16+00:00","dateModified":"2026-01-02T10:45:29+00:00","breadcrumb":{"@id":"https:\/\/koege.anvil.dk\/ledige-lejemaal\/#breadcrumb"},"inLanguage":"da-DK","potentialAction":[{"@type":"ReadAction","target":["https:\/\/koege.anvil.dk\/ledige-lejemaal\/"]}]},{"@type":"ImageObject","inLanguage":"da-DK","@id":"https:\/\/koege.anvil.dk\/ledige-lejemaal\/#primaryimage","url":"https:\/\/koege.anvil.dk\/wp-content\/uploads\/2023\/12\/DJI_0929-scaled-e1730382146607.jpg","contentUrl":"https:\/\/koege.anvil.dk\/wp-content\/uploads\/2023\/12\/DJI_0929-scaled-e1730382146607.jpg","width":2560,"height":1634},{"@type":"BreadcrumbList","@id":"https:\/\/koege.anvil.dk\/ledige-lejemaal\/#breadcrumb","itemListElement":[{"@type":"ListItem","position":1,"name":"Home","item":"https:\/\/koege.anvil.dk\/"},{"@type":"ListItem","position":2,"name":"Ledige lejem\u00e5l"}]},{"@type":"WebSite","@id":"https:\/\/koege.anvil.dk\/#website","url":"https:\/\/koege.anvil.dk\/","name":"K\u00f8ge Handel","description":"","publisher":{"@id":"https:\/\/koege.anvil.dk\/#organization"},"potentialAction":[{"@type":"SearchAction","target":{"@type":"EntryPoint","urlTemplate":"https:\/\/koege.anvil.dk\/?s={search_term_string}"},"query-input":{"@type":"PropertyValueSpecification","valueRequired":true,"valueName":"search_term_string"}}],"inLanguage":"da-DK"},{"@type":"Organization","@id":"https:\/\/koege.anvil.dk\/#organization","name":"K\u00f8ge Handel","url":"https:\/\/koege.anvil.dk\/","logo":{"@type":"ImageObject","inLanguage":"da-DK","@id":"https:\/\/koege.anvil.dk\/#\/schema\/logo\/image\/","url":"http:\/\/koege.anvil.dk\/wp-content\/uploads\/2023\/10\/Koegehandel-logo.webp","contentUrl":"http:\/\/koege.anvil.dk\/wp-content\/uploads\/2023\/10\/Koegehandel-logo.webp","width":600,"height":109,"caption":"K\u00f8ge Handel"},"image":{"@id":"https:\/\/koege.anvil.dk\/#\/schema\/logo\/image\/"}}]}},"_links":{"self":[{"href":"https:\/\/koege.anvil.dk\/index.php?rest_route=\/wp\/v2\/pages\/7519","targetHints":{"allow":["GET"]}}],"collection":[{"href":"https:\/\/koege.anvil.dk\/index.php?rest_route=\/wp\/v2\/pages"}],"about":[{"href":"https:\/\/koege.anvil.dk\/index.php?rest_route=\/wp\/v2\/types\/page"}],"author":[{"embeddable":true,"href":"https:\/\/koege.anvil.dk\/index.php?rest_route=\/wp\/v2\/users\/6"}],"replies":[{"embeddable":true,"href":"https:\/\/koege.anvil.dk\/index.php?rest_route=%2Fwp%2Fv2%2Fcomments&post=7519"}],"version-history":[{"count":0,"href":"https:\/\/koege.anvil.dk\/index.php?rest_route=\/wp\/v2\/pages\/7519\/revisions"}],"wp:featuredmedia":[{"embeddable":true,"href":"https:\/\/koege.anvil.dk\/index.php?rest_route=\/wp\/v2\/media\/7090"}],"wp:attachment":[{"href":"https:\/\/koege.anvil.dk\/index.php?rest_route=%2Fwp%2Fv2%2Fmedia&parent=7519"}],"curies":[{"name":"wp","href":"https:\/\/api.w.org\/{rel}","templated":true}]}}